{"id":1169,"date":"2019-05-21T13:53:36","date_gmt":"2019-05-21T17:53:36","guid":{"rendered":"https:\/\/interchap.org\/pt\/?page_id=1169"},"modified":"2024-02-28T13:37:55","modified_gmt":"2024-02-28T13:37:55","slug":"biblioteca","status":"publish","type":"page","link":"https:\/\/interchap.org\/pt\/biblioteca\/","title":{"rendered":"Biblioteca"},"content":{"rendered":"\r\n<p>AquI voc\u00ea encontrar\u00e1 v\u00e1rios livros para leitura e pesquisa.<\/p>\r\n\r\n\r\n\r\n<p>LEMBRE-SE: Estes livros s\u00e3o de uso <span style=\"color: #ff0000;\"><strong>exclusivo<\/strong><\/span> dos Capel\u00e3es da Interchap Global que estiverem com sua credencial em dia ou sejam alunos cursando o Curso de Capelania Online.<\/p>\r\n\r\n\r\n\r\n<p><span style=\"color: #0000ff;\"><a style=\"color: #0000ff;\" href=\"http:\/\/interchap.org\/pt\/wp-content\/uploads\/2019\/05\/Diciona\u0301rio-Bi\u0301blico-UB.pdf\" target=\"_blank\" rel=\"noreferrer noopener\" aria-label=\"Dicion\u00e1rio B\u00edblico (opens in a new tab)\"><strong>Dicion\u00e1rio B\u00edblico<\/strong><\/a><\/span><\/p>\r\n<p><span style=\"color: #0000ff;\">\r\n\r\n<\/span><\/p>\r\n<p><span style=\"color: #0000ff;\"><a style=\"color: #0000ff;\" href=\"http:\/\/interchap.org\/pt\/wp-content\/uploads\/2019\/05\/Diciona\u0301rio-de-personagem-da-Bi\u0301blia.pdf\" target=\"_blank\" rel=\"noreferrer noopener\" aria-label=\"Dicion\u00e1rio de Personagens da B\u00edblia (opens in a new tab)\"><strong>Dicion\u00e1rio de Personagens da B\u00edblia<\/strong><\/a><\/span><\/p>\r\n<p><span style=\"color: #0000ff;\">\r\n\r\n<\/span><\/p>\r\n<p><span style=\"color: #0000ff;\"><a style=\"color: #0000ff;\" href=\"http:\/\/interchap.org\/pt\/wp-content\/uploads\/2019\/05\/Diciona\u0301rio-de-Jesus-e-dos-Evangelhos.pdf\" target=\"_blank\" rel=\"noreferrer noopener\" aria-label=\"Dicion\u00e1rio de Jesus e dos Evangelhos (opens in a new tab)\"><strong>Dicion\u00e1rio de Jesus e dos Evangelhos<\/strong><\/a><\/span><\/p>\r\n<p><span style=\"color: #0000ff;\">\r\n\r\n<\/span><\/p>\r\n<p><span style=\"color: #0000ff;\"><a style=\"color: #0000ff;\" href=\"http:\/\/interchap.org\/pt\/wp-content\/uploads\/2019\/05\/Diciona\u0301rio-de-Conceitos-Historicos-SILVA-K-SILVA-M.pdf\" target=\"_blank\" rel=\"noreferrer noopener\" aria-label=\"Dicion\u00e1rio de Conceitos Hist\u00f3ricos (opens in a new tab)\"><strong>Dicion\u00e1rio de Conceitos Hist\u00f3ricos<\/strong><\/a><\/span><\/p>\r\n<p><span style=\"color: #0000ff;\">\r\n\r\n<\/span><\/p>\r\n<p><span style=\"color: #0000ff;\"><a style=\"color: #0000ff;\" href=\"http:\/\/interchap.org\/pt\/wp-content\/uploads\/2019\/05\/F.Davidson-O-novo-comentario-da-Biblia.pdf\" target=\"_blank\" rel=\"noreferrer noopener\" aria-label=\"O Novo Coment\u00e1rio da B\u00edblia (opens in a new tab)\"><strong>O Novo Coment\u00e1rio da B\u00edblia<\/strong><\/a><\/span><\/p>\r\n<p><span style=\"color: #0000ff;\">\r\n\r\n<\/span><\/p>\r\n<p><span style=\"color: #0000ff;\"><a style=\"color: #0000ff;\" href=\"http:\/\/interchap.org\/pt\/wp-content\/uploads\/2019\/05\/Manual-Pastoral-de-Discipulado-Richard-Baxter.pdf\" target=\"_blank\" rel=\"noreferrer noopener\" aria-label=\"Fundamentos da Teologia Pastoral (opens in a new tab)\"><strong>Fundamentos da Teologia Pastoral<\/strong><\/a><\/span><\/p>\r\n<p><span style=\"color: #0000ff;\">\r\n\r\n<\/span><\/p>\r\n<p><span style=\"color: #0000ff;\"><a style=\"color: #0000ff;\" href=\"http:\/\/interchap.org\/pt\/wp-content\/uploads\/2019\/05\/Teologia-Sistema\u0301tica-Atual-e-Exaustiva.pdf\" target=\"_blank\" rel=\"noreferrer noopener\" aria-label=\"Teologia Sistem\u00e1tica Atual e Exaustiva (opens in a new tab)\"><strong>Teologia Sistem\u00e1tica Atual e Exaustiva<\/strong><\/a><\/span><\/p>\r\n<p><span style=\"color: #0000ff;\">\r\n\r\n<\/span><\/p>\r\n<p><span style=\"color: #0000ff;\"><a style=\"color: #0000ff;\" href=\"http:\/\/interchap.org\/pt\/wp-content\/uploads\/2019\/05\/Manual-Pastoral-de-Discipulado-Richard-Baxter.pdf\" target=\"_blank\" rel=\"noreferrer noopener\" aria-label=\"Manual Pastoral de discipulado (opens in a new tab)\"><strong>Manual Pastoral de Discipulado<\/strong><\/a><\/span><\/p>\r\n<p><strong>LIVROS<\/strong><\/p>\r\n\r\n\r\n\r\n<p><span style=\"color: #339966;\"><strong><a style=\"color: #339966;\" href=\"http:\/\/interchap.org\/pt\/wp-content\/uploads\/2019\/05\/Um-i\u0301dolo-chamado-EU.pdf\" target=\"_blank\" rel=\"noreferrer noopener\" aria-label=\"Um \u00eddolo chamado EU (opens in a new tab)\"><span style=\"color: #008000;\">Um \u00eddolo chamado EU<\/span><\/a><\/strong><\/span><\/p>\r\n<p><span style=\"color: #008000;\">\r\n\r\n<\/span><\/p>\r\n<p><span style=\"color: #008000;\"><strong><a style=\"color: #008000;\" href=\"http:\/\/interchap.org\/pt\/wp-content\/uploads\/2019\/05\/O-Escandalo-da-cruz.pdf\" target=\"_blank\" rel=\"noreferrer noopener\" aria-label=\"O escandalo da cruz (opens in a new tab)\">O escandalo da cruz<\/a><\/strong><\/span><\/p>\r\n<p><span style=\"color: #008000;\"><a style=\"color: #008000;\" href=\"http:\/\/interchap.org\/pt\/wp-content\/uploads\/2024\/02\/01-Quem-e-Jesus-R.-C.-Sproul-Colecao-Questoes-Cruciais.pdf\" target=\"_blank\" rel=\"noopener\"><strong>Quem \u00e9 Jesus<\/strong><\/a><\/span><\/p>\r\n<p><a href=\"http:\/\/interchap.org\/pt\/wp-content\/uploads\/2024\/02\/02_Posso_crer_na_Biblia_R_C_Sproul.pdf\" target=\"_blank\" rel=\"noopener\"><span style=\"color: #008000;\"><strong>Posso Crer na B\u00edblia<\/strong><\/span><\/a><\/p>\r\n<p><span style=\"color: #008000;\"><a style=\"color: #008000;\" href=\"http:\/\/interchap.org\/pt\/wp-content\/uploads\/2024\/02\/03_A_Oracao_Muda_as_Coisas_R_C_Sproul.pdf\" target=\"_blank\" rel=\"noopener\"><strong>A Ora\u00e7\u00e3o Muda as Coisas<\/strong><\/a><\/span><\/p>\r\n<p><span style=\"color: #008000;\"><a style=\"color: #008000;\" href=\"http:\/\/interchap.org\/pt\/wp-content\/uploads\/2024\/02\/Paul_Washer_O_Unico_Deus_Verdadeiro.pdf\" target=\"_blank\" rel=\"noopener\"><strong>O \u00danico Deus Verdadeiro<\/strong><\/a><\/span><\/p>\r\n\r\n\r\n\r\n<p><strong><span style=\"color: #ff0000;\">N\u00c3O REPASSE ESTE CONTE\u00daDO PARA OUTROS.<\/span><\/strong><\/p>\r\n<p><strong><em><span style=\"color: #ff0000;\">N\u00e3o permita<\/span> que aqueles que n\u00e3o pagaram usem aquilo que voc\u00ea pagou!<\/em><\/strong><\/p>\r\n","protected":false},"excerpt":{"rendered":"<p>AquI voc\u00ea encontrar\u00e1 v\u00e1rios livros para leitura e pesquisa. LEMBRE-SE: Estes livros s\u00e3o de uso exclusivo dos Capel\u00e3es da Interchap Global que estiverem com sua credencial em dia ou sejam alunos cursando o Curso&#46;&#46;&#46;<\/p>\n","protected":false},"author":1,"featured_media":0,"parent":0,"menu_order":0,"comment_status":"closed","ping_status":"closed","template":"","meta":{"_mc_calendar":[],"footnotes":""},"class_list":["post-1169","page","type-page","status-publish","hentry"],"jetpack_likes_enabled":true,"jetpack_sharing_enabled":true,"_links":{"self":[{"href":"https:\/\/interchap.org\/pt\/wp-json\/wp\/v2\/pages\/1169","targetHints":{"allow":["GET"]}}],"collection":[{"href":"https:\/\/interchap.org\/pt\/wp-json\/wp\/v2\/pages"}],"about":[{"href":"https:\/\/interchap.org\/pt\/wp-json\/wp\/v2\/types\/page"}],"author":[{"embeddable":true,"href":"https:\/\/interchap.org\/pt\/wp-json\/wp\/v2\/users\/1"}],"replies":[{"embeddable":true,"href":"https:\/\/interchap.org\/pt\/wp-json\/wp\/v2\/comments?post=1169"}],"version-history":[{"count":5,"href":"https:\/\/interchap.org\/pt\/wp-json\/wp\/v2\/pages\/1169\/revisions"}],"predecessor-version":[{"id":9286,"href":"https:\/\/interchap.org\/pt\/wp-json\/wp\/v2\/pages\/1169\/revisions\/9286"}],"wp:attachment":[{"href":"https:\/\/interchap.org\/pt\/wp-json\/wp\/v2\/media?parent=1169"}],"curies":[{"name":"wp","href":"https:\/\/api.w.org\/{rel}","templated":true}]}}